 {"id":155,"date":"2021-06-22T09:02:21","date_gmt":"2021-06-22T09:02:21","guid":{"rendered":"https:\/\/sola.kau.se\/cslblog\/?page_id=155"},"modified":"2025-11-28T15:28:44","modified_gmt":"2025-11-28T15:28:44","slug":"personer-som-medverkar-i-denna-blogg","status":"publish","type":"page","link":"https:\/\/sola.kau.se\/cslblog\/personer-som-medverkar-i-denna-blogg\/","title":{"rendered":"Personer som medverkar i denna blogg"},"content":{"rendered":"\n<p><strong>Bloggare verksamma i CSL:<\/strong><\/p>\n\n\n\n<figure class=\"wp-block-table\"><table><tbody><tr><td>Vigdis Ahnfelt<\/td><td><a href=\"https:\/\/www.kau.se\/forskare\/vigdis-ahnfelt\" target=\"_blank\" rel=\"noreferrer noopener\">https:\/\/www.kau.se\/forskare\/vigdis-ahnfelt<\/a><\/td><\/tr><tr><td>Mona Persson Aronson<\/td><td><a href=\"https:\/\/www.kau.se\/forskare\/mona-persson-aronson\" target=\"_blank\" rel=\"noreferrer noopener\">https:\/\/www.kau.se\/forskare\/mona-persson-aronson<\/a><\/td><\/tr><tr><td>Stig-B\u00f6rje Asplund<\/td><td><a href=\"https:\/\/www.kau.se\/forskare\/stig-borje-asplund\" target=\"_blank\" rel=\"noreferrer noopener\">https:\/\/www.kau.se\/forskare\/stig-borje-asplund<\/a><\/td><\/tr><tr><td>Marco Berton<\/td><td><a href=\"https:\/\/www.kau.se\/personal\/marco-berton\" target=\"_blank\" rel=\"noreferrer noopener\">https:\/\/www.kau.se\/personal\/marco-berton<\/a><\/td><\/tr><tr><td>Nils Dverstorp<\/td><td><a href=\"https:\/\/www.kau.se\/personal\/nils-dverstorp\" target=\"_blank\" rel=\"noreferrer noopener\">https:\/\/www.kau.se\/personal\/nils-dverstorp<\/a><\/td><\/tr><tr><td>Susanne Duek                                       <\/td><td><a href=\"https:\/\/www.kau.se\/forskare\/susanne-duek\" target=\"_blank\" rel=\"noreferrer noopener\">https:\/\/www.kau.se\/forskare\/susanne-duek<\/a><\/td><\/tr><tr><td>Liliann Byman Fris\u00e9n<\/td><td><a href=\"https:\/\/www.kau.se\/forskare\/liliann-byman-frisen\" target=\"_blank\" rel=\"noreferrer noopener\">https:\/\/www.kau.se\/forskare\/liliann-byman-frisen<\/a><\/td><\/tr><tr><td>Birgitta Ljung-Egeland<\/td><td><a href=\"https:\/\/www.kau.se\/forskare\/birgitta-ljung-egeland\" target=\"_blank\" rel=\"noreferrer noopener\">https:\/\/www.kau.se\/forskare\/birgitta-ljung-egeland<\/a><\/td><\/tr><tr><td>Kent Fredholm<\/td><td><a rel=\"noreferrer noopener\" href=\"https:\/\/www.kau.se\/forskare\/kent-fredholm\" target=\"_blank\">https:\/\/www.kau.se\/forskare\/kent-fredholm<\/a><\/td><\/tr><tr><td>Anette Forssten Seiser<\/td><td><a href=\"https:\/\/www.kau.se\/forskare\/anette-forssten-seiser\" target=\"_blank\" rel=\"noreferrer noopener\">https:\/\/www.kau.se\/forskare\/anette-forssten-seiser<\/a><\/td><\/tr><tr><td>Malin Granstr\u00f6m<\/td><td>F\u00f6rstel\u00e4rare, samt spr\u00e5k-, l\u00e4s- och skrivutvecklare, Eda kommun<\/td><\/tr><tr><td>Zara Hedelin<\/td><td><a href=\"https:\/\/www.kau.se\/personal\/zara-hedelin\" target=\"_blank\" rel=\"noreferrer noopener\">https:\/\/www.kau.se\/personal\/zara-hedelin<\/a><\/td><\/tr><tr><td>Carina Hermansson<\/td><td><a href=\"https:\/\/www.hb.se\/forskning\/forskningsportal\/forskare\/CRHE\/\" target=\"_blank\" rel=\"noreferrer noopener\">https:\/\/www.hb.se\/forskning\/forskningsportal\/forskare\/CRHE\/<\/a><\/td><\/tr><tr><td>Amanda Hoskins<\/td><td><a href=\"https:\/\/liu.se\/medarbetare\/amaho75\" target=\"_blank\" rel=\"noreferrer noopener\">https:\/\/liu.se\/medarbetare\/amaho75<\/a><\/td><\/tr><tr><td>Denny Jansson<\/td><td><a href=\"https:\/\/www.kau.se\/personal\/denny-jansson-2\" target=\"_blank\" rel=\"noreferrer noopener\">https:\/\/www.kau.se\/personal\/denny-jansson-2<\/a><\/td><\/tr><tr><td>Ann Jamt<\/td><td>F\u00f6rstel\u00e4rare, Filipstads kommun<\/td><\/tr><tr><td>Annelie K Johansson<\/td><td><a href=\"https:\/\/www.kau.se\/personal\/annelie-k-johansson\" target=\"_blank\" rel=\"noreferrer noopener\">https:\/\/www.kau.se\/personal\/annelie-k-johansson<\/a><\/td><\/tr><tr><td>Marika Kjell\u00e9n<\/td><td><a href=\"https:\/\/www.kau.se\/personal\/marika-kjellen\" target=\"_blank\" rel=\"noreferrer noopener\">https:\/\/www.kau.se\/personal\/marika-kjellen<\/a><\/td><\/tr><tr><td>Kajsa Krigstr\u00f6m<\/td><td>L\u00e4rare, Filipstad kommun<\/td><\/tr><tr><td>Lars Anders Kulbrandstad          <\/td><td><a href=\"https:\/\/www.inn.no\/finn-en-ansatt\/lars-kulbrandstad.html\" target=\"_blank\" rel=\"noreferrer noopener\">https:\/\/www.inn.no\/finn-en-ansatt\/lars-kulbrandstad.html<\/a><\/td><\/tr><tr><td>Stina Lindgren<\/td><td><a href=\"https:\/\/www.kau.se\/forskare\/stina-lindgren\" target=\"_blank\" rel=\"noreferrer noopener\">https:\/\/www.kau.se\/forskare\/stina-lindgren<\/a><\/td><\/tr><tr><td>Anna Lindholm<\/td><td><a href=\"https:\/\/www.kau.se\/personal\/anna-lindholm\" target=\"_blank\" rel=\"noreferrer noopener\">https:\/\/www.kau.se\/personal\/anna-lindholm<\/a><\/td><\/tr><tr><td>\u00c5sa Lindstr\u00f6m<\/td><td>L\u00e4rare, Sunne kommun<\/td><\/tr><tr><td>Marie Nilsberth<\/td><td><a rel=\"noreferrer noopener\" href=\"https:\/\/www.kau.se\/forskare\/marie-nilsberth\" target=\"_blank\">https:\/\/www.kau.se\/forskare\/marie-nilsberth<\/a><\/td><\/tr><tr><td>Anna Nissen<\/td><td><a href=\"https:\/\/www.kau.se\/forskare\/anna-nissen\" data-type=\"URL\" data-id=\"https:\/\/www.kau.se\/forskare\/anna-nissen\" target=\"_blank\" rel=\"noreferrer noopener\">https:\/\/www.kau.se\/forskare\/anna-nissen<\/a><\/td><\/tr><tr><td>Sofia Oldin Cederwall<\/td><td><a href=\"https:\/\/www.kau.se\/personal\/sofia-oldin-cederwall\" target=\"_blank\" rel=\"noreferrer noopener\">https:\/\/www.kau.se\/personal\/sofia-oldin-cederwall<\/a><\/td><\/tr><tr><td>Christina Olin-Scheller<\/td><td><a rel=\"noreferrer noopener\" href=\"https:\/\/www.kau.se\/forskare\/christina-olin-scheller\" target=\"_blank\">https:\/\/www.kau.se\/forskare\/christina-olin-scheller<\/a><\/td><\/tr><tr><td>Pernilla Olsson<\/td><td><a href=\"https:\/\/www.kau.se\/personal\/pernilla-olsson\" target=\"_blank\" rel=\"noreferrer noopener\">https:\/\/www.kau.se\/personal\/pernilla-olsson<\/a><\/td><\/tr><tr><td>Jakob Olsson<\/td><td><a href=\"https:\/\/www.kau.se\/forskare\/jakob-olsson\" target=\"_blank\" rel=\"noreferrer noopener\">https:\/\/www.kau.se\/forskare\/jakob-olsson<\/a><\/td><\/tr><tr><td>Susanne Malmberg Olsson<\/td><td>F\u00f6rstel\u00e4rare, Karlstad kommun<\/td><\/tr><tr><td>Ann-Charlotte Rydberg<\/td><td>Bitr\u00e4dande rektor, Fryxellska skolan<\/td><\/tr><tr><td>Erica Sandlund<\/td><td><a href=\"https:\/\/www.kau.se\/forskare\/erica-sandlund\" target=\"_blank\" rel=\"noreferrer noopener\">https:\/\/www.kau.se\/forskare\/erica-sandlund<\/a><\/td><\/tr><tr><td>Adrian Sangfelt<\/td><td><a href=\"https:\/\/www.kau.se\/forskare\/adrian-sangfelt\" target=\"_blank\" rel=\"noreferrer noopener\">https:\/\/www.kau.se\/forskare\/adrian-sangfelt<\/a><\/td><\/tr><tr><td>Andrea Schalley<\/td><td><a rel=\"noreferrer noopener\" href=\"https:\/\/www.kau.se\/forskare\/andrea-schalley\" target=\"_blank\">https:\/\/www.kau.se\/forskare\/andrea-schalley<\/a><\/td><\/tr><tr><td>Eva Tarander<\/td><td><a href=\"https:\/\/www.kau.se\/en\/employees\/eva-tarander\" target=\"_blank\" rel=\"noreferrer noopener\">https:\/\/www.kau.se\/en\/employees\/eva-tarander<\/a><\/td><\/tr><tr><td>Michael Tengberg<\/td><td><a href=\"https:\/\/www.kau.se\/forskare\/michael-tengberg\" target=\"_blank\" rel=\"noreferrer noopener\">https:\/\/www.kau.se\/forskare\/michael-tengberg<\/a><\/td><\/tr><tr><td>Christina Thor\u00e9n<\/td><td>L\u00e4rare, Karlstad kommun<\/td><\/tr><tr><td>Marie T\u00e5qvist<\/td><td><a href=\"https:\/\/www.kau.se\/forskare\/marie-taqvist\" target=\"_blank\" rel=\"noreferrer noopener\">https:\/\/www.kau.se\/forskare\/marie-taqvist<\/a><\/td><\/tr><tr><td>Peter Wikstr\u00f6m<\/td><td><a href=\"https:\/\/www.kau.se\/forskare\/peter-wikstrom\">https:\/\/www.kau.se\/forskare\/peter-wikstrom<\/a><\/td><\/tr><tr><td>Marie Wejrum<\/td><td><a href=\"https:\/\/www.kau.se\/personal\/marie-wejrum\" target=\"_blank\" rel=\"noreferrer noopener\">https:\/\/www.kau.se\/personal\/marie-wejrum<\/a><\/td><\/tr><tr><td>Sofia Wijkmark<\/td><td><a href=\"https:\/\/www.kau.se\/personal\/sofia-wijkmark\" target=\"_blank\" rel=\"noreferrer noopener\">https:\/\/www.kau.se\/personal\/sofia-wijkmark<\/a><\/td><\/tr><tr><td>Kristina Wikberg<\/td><td><a href=\"https:\/\/www.kau.se\/en\/employees\/kristina-wikberg\" target=\"_blank\" rel=\"noreferrer noopener\">https:\/\/www.kau.se\/en\/employees\/kristina-wikberg<\/a><\/td><\/tr><tr><td>Michael \u00d6sterman<\/td><td>L\u00e4rare, Filipstad kommun<\/td><\/tr><tr><td>Daniel \u00d6stlund<\/td><td>L\u00e4rare, Sunne kommun<\/td><\/tr><tr><td>Rickard Nilsson (Administrat\u00f6r f\u00f6r bloggen)<\/td><td>Kontakt: rickard.nilsson@kau.se<\/td><\/tr><\/tbody><\/table><\/figure>\n\n\n\n<p><\/p>\n\n\n\n<p><strong>G\u00e4stbloggare fr\u00e5n andra l\u00e4ros\u00e4ten:<\/strong><\/p>\n\n\n\n<div class=\"wp-block-columns is-layout-flex wp-container-core-columns-is-layout-9d6595d7 wp-block-columns-is-layout-flex\">\n<div class=\"wp-block-column is-layout-flow wp-block-column-is-layout-flow\" style=\"flex-basis:100%\">\n<div class=\"wp-block-columns is-layout-flex wp-container-core-columns-is-layout-9d6595d7 wp-block-columns-is-layout-flex\">\n<div class=\"wp-block-column is-layout-flow wp-block-column-is-layout-flow\" style=\"flex-basis:100%\">\n<figure class=\"wp-block-table is-style-regular\"><table><tbody><tr><td>Nihad Bunar                 <\/td><td>Professor, Specialpedagogiska institutionen,<br>Stockholms Universitet<\/td><\/tr><tr><td>Erik Cardel\u00fas<\/td><td>Lektor i spr\u00e5kdidaktik och kultur, Handelsh\u00f6gskolan i Stockholm<\/td><\/tr><tr><td>Una Cunningham<\/td><td>Professor i didaktik med inriktning mot engelska, <br>Stockholms universitet<\/td><\/tr><tr><td>Camilla Gr\u00f6nvall Fransson<\/td><td>Pedagogisk utvecklare vid med inriktning akademisk litteracitet, M\u00e4lardalens universitet<\/td><\/tr><tr><td>Anna-Lena Godhe<\/td><td>Docent i utbildningsvetenskap, Malm\u00f6 Universitet<\/td><\/tr><tr><td>Natalia Ganuza<\/td><td>Professor i svenska med inriktning mot sociolingvistik, Uppsala universitet<\/td><\/tr><tr><td>Christina Hedman<\/td><td>Professor i svenska som andraspr\u00e5k med didaktisk inriktning, Stockholms universitet<\/td><\/tr><tr><td>Alastair Henry<\/td><td>Professor i \u00e4mnesdidaktik, H\u00f6gskolan V\u00e4st<\/td><\/tr><tr><td>Tina H\u00f8ege<\/td><td>Lektor i utbildningsvetenskap, Syddansk Universitet<\/td><\/tr><tr><td>Lise Iversen Kulbrandstad<\/td><td>Professor i norskdidaktik, H\u00f8gskolen i Innlandet i Norge och hedersdoktor vid l\u00e4rarutbildningen, Karlstads universitet<\/td><\/tr><tr><td>Lisa Molin<\/td><td>Lektor vid Center f\u00f6r skolutveckling, Utbildningsf\u00f6rvaltningen, G\u00f6teborgs stad, och Institutionen f\u00f6r Pedagogik och Pedagogisk Profession, G\u00f6teborgs universitet<\/td><\/tr><tr><td>Olcay Sert<\/td><td>Professor i engelsk spr\u00e5kundervisning, M\u00e4lardalens universitet<\/td><\/tr><tr><td>Julia Peck<\/td><td>Doktorand i spr\u00e5kvetenskap, University of California, Berkeley<\/td><\/tr><tr><td>Catarina Player-Koro<\/td><td>Professor i pedagogiskt arbete, G\u00f6teborgs universitet<\/td><\/tr><tr><td>Anne Reath Warren<\/td><td>Universitetslektor vid Institutionen f\u00f6r pedagogik, didaktik och utbildningssociologi, Uppsala universitet<\/td><\/tr><tr><td>Pia Sundqvist<\/td><td>Professor i engelskdidaktik, Universitetet i Oslo<\/td><\/tr><tr><td>J\u00f6rgen Tholin<\/td><td>Docent i pedagogik, G\u00f6teborgs universitet<\/td><\/tr><tr><td>Ann Christine Wennergren<\/td><td>Docent i pedagogik, H\u00f6gskolan i Halmstad<\/td><\/tr><\/tbody><\/table><\/figure>\n<\/div>\n<\/div>\n<\/div>\n<\/div>\n","protected":false},"excerpt":{"rendered":"<p>Bloggare verksamma i CSL: Vigdis Ahnfelt https:\/\/www.kau.se\/forskare\/vigdis-ahnfelt Mona Persson Aronson https:\/\/www.kau.se\/forskare\/mona-persson-aronson Stig-B\u00f6rje Asplund https:\/\/www.kau.se\/forskare\/stig-borje-asplund Marco Berton https:\/\/www.kau.se\/personal\/marco-berton Nils Dverstorp https:\/\/www.kau.se\/personal\/nils-dverstorp Susanne Duek https:\/\/www.kau.se\/forskare\/susanne-duek Liliann Byman Fris\u00e9n https:\/\/www.kau.se\/forskare\/liliann-byman-frisen Birgitta Ljung-Egeland https:\/\/www.kau.se\/forskare\/birgitta-ljung-egeland Kent Fredholm https:\/\/www.kau.se\/forskare\/kent-fredholm Anette Forssten Seiser https:\/\/www.kau.se\/forskare\/anette-forssten-seiser Malin Granstr\u00f6m F\u00f6rstel\u00e4rare, samt spr\u00e5k-, l\u00e4s- och skrivutvecklare, Eda kommun Zara Hedelin https:\/\/www.kau.se\/personal\/zara-hedelin Carina Hermansson https:\/\/www.hb.se\/forskning\/forskningsportal\/forskare\/CRHE\/ Amanda Hoskins &hellip; <\/p>\n<p class=\"link-more\"><a href=\"https:\/\/sola.kau.se\/cslblog\/personer-som-medverkar-i-denna-blogg\/\" class=\"more-link\">Forts\u00e4tt l\u00e4sa<span class=\"screen-reader-text\"> \u201dPersoner som medverkar i denna blogg\u201d<\/span><\/a><\/p>\n","protected":false},"author":409,"featured_media":0,"parent":0,"menu_order":0,"comment_status":"closed","ping_status":"closed","template":"","meta":{"footnotes":""},"class_list":["post-155","page","type-page","status-publish","hentry"],"_links":{"self":[{"href":"https:\/\/sola.kau.se\/cslblog\/wp-json\/wp\/v2\/pages\/155","targetHints":{"allow":["GET"]}}],"collection":[{"href":"https:\/\/sola.kau.se\/cslblog\/wp-json\/wp\/v2\/pages"}],"about":[{"href":"https:\/\/sola.kau.se\/cslblog\/wp-json\/wp\/v2\/types\/page"}],"author":[{"embeddable":true,"href":"https:\/\/sola.kau.se\/cslblog\/wp-json\/wp\/v2\/users\/409"}],"replies":[{"embeddable":true,"href":"https:\/\/sola.kau.se\/cslblog\/wp-json\/wp\/v2\/comments?post=155"}],"version-history":[{"count":87,"href":"https:\/\/sola.kau.se\/cslblog\/wp-json\/wp\/v2\/pages\/155\/revisions"}],"predecessor-version":[{"id":982,"href":"https:\/\/sola.kau.se\/cslblog\/wp-json\/wp\/v2\/pages\/155\/revisions\/982"}],"wp:attachment":[{"href":"https:\/\/sola.kau.se\/cslblog\/wp-json\/wp\/v2\/media?parent=155"}],"curies":[{"name":"wp","href":"https:\/\/api.w.org\/{rel}","templated":true}]}}