 {"id":157,"date":"2025-03-04T20:43:30","date_gmt":"2025-03-04T19:43:30","guid":{"rendered":"https:\/\/sola.kau.se\/fiktivforskola89\/?page_id=157"},"modified":"2025-04-10T10:02:37","modified_gmt":"2025-04-10T08:02:37","slug":"information-om-var-rektor","status":"publish","type":"page","link":"https:\/\/sola.kau.se\/fiktivforskola89\/information-om-var-rektor\/","title":{"rendered":"Information om v\u00e5r rektor"},"content":{"rendered":"\n<p>Marie-Louise \u201cMia\u201d \u00e4r rektor p\u00e5 f\u00f6rskolan Skogsgl\u00e4ntan och Myren i centralorten. Mia har l\u00e5ng erfarenhet av f\u00f6rskolan d\u00e5 hon sj\u00e4lv har arbetat som f\u00f6rskoll\u00e4rare i sju \u00e5r och d\u00e4refter vidareutbildade sig till specialpedagog, vilket hon arbetade som i fyra \u00e5r. Sedan tre \u00e5r tillbaka \u00e4r hon v\u00e5r rektor. Mia har ett stort intresse f\u00f6r utvecklingsarbete och \u00e4r en n\u00e4rvarande rektor som g\u00e4rna kommer och h\u00e4lsar p\u00e5 i verksamheten med j\u00e4mna mellanrum. Hon f\u00f6respr\u00e5kar ett distribuerat ledarskap vilket inneb\u00e4r att hon har stor tillit till sin personal och hon anser att \u00e4ven ledarskapet ligger hos personalen. Ansvaret f\u00f6rdelas f\u00f6r att skapa s\u00e5 goda f\u00f6ruts\u00e4ttningar och inflytande f\u00f6r alla . (Nilsson &amp; \u00d6rberg, 2022)<\/p>\n\n\n<div class=\"wp-block-image\">\n<figure class=\"aligncenter size-full is-resized\"><img loading=\"lazy\" decoding=\"async\" width=\"800\" height=\"800\" src=\"https:\/\/sola.kau.se\/fiktivforskola89\/wp-content\/uploads\/sites\/1310\/2025\/03\/image-4.png\" alt=\"\" class=\"wp-image-162\" style=\"width:252px;height:auto\" srcset=\"https:\/\/sola.kau.se\/fiktivforskola89\/wp-content\/uploads\/sites\/1310\/2025\/03\/image-4.png 800w, https:\/\/sola.kau.se\/fiktivforskola89\/wp-content\/uploads\/sites\/1310\/2025\/03\/image-4-300x300.png 300w, https:\/\/sola.kau.se\/fiktivforskola89\/wp-content\/uploads\/sites\/1310\/2025\/03\/image-4-150x150.png 150w, https:\/\/sola.kau.se\/fiktivforskola89\/wp-content\/uploads\/sites\/1310\/2025\/03\/image-4-768x768.png 768w\" sizes=\"auto, (max-width: 800px) 100vw, 800px\" \/><\/figure><\/div>\n\n\n<p><\/p>\n","protected":false},"excerpt":{"rendered":"<p>Marie-Louise \u201cMia\u201d \u00e4r rektor p\u00e5 f\u00f6rskolan Skogsgl\u00e4ntan och Myren i centralorten. Mia har l\u00e5ng erfarenhet av f\u00f6rskolan d\u00e5 hon sj\u00e4lv har arbetat som f\u00f6rskoll\u00e4rare i sju \u00e5r och d\u00e4refter vidareutbildade sig till specialpedagog, vilket hon arbetade som i fyra \u00e5r. Sedan tre \u00e5r tillbaka \u00e4r hon v\u00e5r rektor. Mia har ett stort intresse f\u00f6r utvecklingsarbete [&hellip;]<\/p>\n","protected":false},"author":6667,"featured_media":0,"parent":0,"menu_order":0,"comment_status":"closed","ping_status":"closed","template":"","meta":{"footnotes":""},"class_list":["post-157","page","type-page","status-publish","hentry","no-featured-image"],"_links":{"self":[{"href":"https:\/\/sola.kau.se\/fiktivforskola89\/wp-json\/wp\/v2\/pages\/157","targetHints":{"allow":["GET"]}}],"collection":[{"href":"https:\/\/sola.kau.se\/fiktivforskola89\/wp-json\/wp\/v2\/pages"}],"about":[{"href":"https:\/\/sola.kau.se\/fiktivforskola89\/wp-json\/wp\/v2\/types\/page"}],"author":[{"embeddable":true,"href":"https:\/\/sola.kau.se\/fiktivforskola89\/wp-json\/wp\/v2\/users\/6667"}],"replies":[{"embeddable":true,"href":"https:\/\/sola.kau.se\/fiktivforskola89\/wp-json\/wp\/v2\/comments?post=157"}],"version-history":[{"count":5,"href":"https:\/\/sola.kau.se\/fiktivforskola89\/wp-json\/wp\/v2\/pages\/157\/revisions"}],"predecessor-version":[{"id":441,"href":"https:\/\/sola.kau.se\/fiktivforskola89\/wp-json\/wp\/v2\/pages\/157\/revisions\/441"}],"wp:attachment":[{"href":"https:\/\/sola.kau.se\/fiktivforskola89\/wp-json\/wp\/v2\/media?parent=157"}],"curies":[{"name":"wp","href":"https:\/\/api.w.org\/{rel}","templated":true}]}}