 {"id":547,"date":"2023-09-25T11:23:36","date_gmt":"2023-09-25T11:23:36","guid":{"rendered":"https:\/\/sola.kau.se\/kaukan2023\/?page_id=547"},"modified":"2023-09-25T11:23:36","modified_gmt":"2023-09-25T11:23:36","slug":"att-hjalpa-foretag-att-lara-ut","status":"publish","type":"page","link":"https:\/\/sola.kau.se\/kaukan2023\/att-hjalpa-foretag-att-lara-ut\/","title":{"rendered":"Att hj\u00e4lpa f\u00f6retag att l\u00e4ra ut"},"content":{"rendered":"<p>Abstract<\/br>Uddeholm h\u00e5ller 100 tals kurser internt och externt. Fokus f\u00f6r deras kursh\u00e5llare har varit retorik och slagkraftiga presentationer. Det ville man \u00e4ndra p\u00e5 och bad Uppdrags AB om hj\u00e4lp. Denna presentation handlar om att ta fram en kurs i Praktisk pedagogik, en kurs som skall passa flera olika typer av kurser och som har vuxna yrkesarbetade som m\u00e5lgrupp.  Kursens pedagogiska modell bygger p\u00e5 uppl\u00e4gget som anv\u00e4nds under Magister programmet i projektledning p\u00e5 KAU. Presentationen best\u00e5r av tre delar. Del 1 \u00e4r att bygga sj\u00e4lva kursen och se till att den \u00e4r underbyggd och praktisk. Del 2 handlar om hur att f\u00e5 effekt s\u00e5 att den kunskapen b\u00f6rjar anv\u00e4ndas internt p\u00e5 Uddeholm. Den tredje delen handlar om att anv\u00e4nda kursens inneh\u00e5ll som exempel p\u00e5 inneh\u00e5ll. Innan kursstart har alla deltagare f\u00e5tt en film att se. Detta f\u00f6r att kunna komma f\u00f6rberedda inf\u00f6r utbildningen.<br \/>\nDen pedagogiska modellen bygger p\u00e5 l\u00e4rom\u00e5l, upplevelser, interaktivitet, Blooms taxonomi och n\u00e5gra tekniker fr\u00e5n Lemov. Under presentationen g\u00e5r vi inom de tre delarna, kursen uppl\u00e4gg, \u00f6vningarna och de filmer som har anv\u00e4nds f\u00f6r att f\u00f6rbereda deltagarna och att sammanfatta kursen.  Presentationen avslutas med n\u00e5gra slutsatser fr\u00e5n genomf\u00f6randet av kursen och \u00e4ndringar som presentat\u00f6ren gjort i sina egna kurser.<\/p>\n","protected":false},"excerpt":{"rendered":"<p>AbstractUddeholm h\u00e5ller 100 tals kurser internt och externt. Fokus f\u00f6r deras kursh\u00e5llare har varit retorik och slagkraftiga presentationer. Det ville man \u00e4ndra p\u00e5 och bad Uppdrags AB om hj\u00e4lp. Denna presentation handlar om att ta fram en kurs i Praktisk pedagogik, en kurs som skall passa flera olika typer av kurser och som har vuxna [&hellip;]<\/p>\n","protected":false},"author":1707,"featured_media":0,"parent":0,"menu_order":0,"comment_status":"closed","ping_status":"closed","template":"","meta":{"_acf_changed":false,"footnotes":""},"class_list":["post-547","page","type-page","status-publish","hentry"],"acf":[],"_links":{"self":[{"href":"https:\/\/sola.kau.se\/kaukan2023\/wp-json\/wp\/v2\/pages\/547","targetHints":{"allow":["GET"]}}],"collection":[{"href":"https:\/\/sola.kau.se\/kaukan2023\/wp-json\/wp\/v2\/pages"}],"about":[{"href":"https:\/\/sola.kau.se\/kaukan2023\/wp-json\/wp\/v2\/types\/page"}],"author":[{"embeddable":true,"href":"https:\/\/sola.kau.se\/kaukan2023\/wp-json\/wp\/v2\/users\/1707"}],"replies":[{"embeddable":true,"href":"https:\/\/sola.kau.se\/kaukan2023\/wp-json\/wp\/v2\/comments?post=547"}],"version-history":[{"count":1,"href":"https:\/\/sola.kau.se\/kaukan2023\/wp-json\/wp\/v2\/pages\/547\/revisions"}],"predecessor-version":[{"id":702,"href":"https:\/\/sola.kau.se\/kaukan2023\/wp-json\/wp\/v2\/pages\/547\/revisions\/702"}],"wp:attachment":[{"href":"https:\/\/sola.kau.se\/kaukan2023\/wp-json\/wp\/v2\/media?parent=547"}],"curies":[{"name":"wp","href":"https:\/\/api.w.org\/{rel}","templated":true}]}}